{"id":146,"date":"2013-09-29T16:02:09","date_gmt":"2013-09-29T16:02:09","guid":{"rendered":"http:\/\/luxenburg.nu\/?page_id=146"},"modified":"2025-12-15T20:18:39","modified_gmt":"2025-12-15T20:18:39","slug":"min-person","status":"publish","type":"page","link":"https:\/\/luxenburg.nu\/?page_id=146","title":{"rendered":"Om mig"},"content":{"rendered":"<p style=\"text-align: left;\"><strong>Namn: <\/strong>Pamela Luxenburg<img loading=\"lazy\" decoding=\"async\" class=\"alignright wp-image-822 size-medium\" src=\"http:\/\/media.luxenburg.nu\/2013\/09\/PamCykelLer-213x300.jpg\" alt=\"\" width=\"213\" height=\"300\" \/><\/p>\n<p style=\"text-align: left;\"><strong>Yrke: <\/strong>Textilingenj\u00f6r, Konstn\u00e4r, Vedic Art- och Yin Yoga l\u00e4rare<\/p>\n<p style=\"text-align: left;\"><strong>\u00c5lder: <\/strong>54<\/p>\n<p style=\"text-align: left;\"><span style=\"font-size: 13.3333339691162px;\"><strong>Familj:<\/strong> Sambon Jockson, d<\/span><span style=\"font-size: 13.3333339691162px;\">ottern Ari 26, sonen Valle 22 fr\u00e5n <\/span><span style=\"font-size: 13.3333339691162px;\">tidigare\u00a0\u00e4ktenskap\u00a0<\/span><span style=\"font-size: 13.3333339691162px;\">och bonusdottern Mika 25.\u00a0<\/span><\/p>\n<p style=\"text-align: left;\"><strong>Bor:<\/strong> S\u00f6dermalm i Stockholm<\/p>\n<p style=\"text-align: left;\">Jag f\u00f6ddes i Stockholm av polska f\u00f6r\u00e4ldrar och v\u00e4xte upp p\u00e5 \u00d6stermalm och i Kista. Sedan jag kan minnas har jag tecknat, m\u00e5lat och skrivit. Tjugo \u00e5r gammal flyttade jag till Tyskland. Kort d\u00e4rp\u00e5 dog min pappa, en sorg jag har bearbetat genom att m\u00e5la. Inf\u00f6r min f\u00f6rsta utst\u00e4llning 1994 greps jag av prestations\u00e5ngest och st\u00e4llde in utst\u00e4llningen. I Tyskland, studerade jag till textilingenj\u00f6r, bildade familj och drev f\u00f6retag inom f\u00f6rs\u00e4ljning av barnkl\u00e4der och kosmetika.<\/p>\n<p style=\"text-align: left;\">Det som presenteras p\u00e5 hemsidan \u00e4r akryl och akvarell m\u00e5lningar. 2011 n\u00e4r jag stod mitt i karri\u00e4ren som avdelningschef gick jag en grundkurs i Vedic Art, frig\u00f6rande m\u00e5leri. Jag f\u00f6r\u00e4lskade mig i akrylf\u00e4rgens egenskaper och fick redskap f\u00f6r att komma \u00f6ver prestations\u00e5ngesten som drabbat mig som tjugotv\u00e5\u00e5ring. Kursen ledde snabbt till flera p\u00e5byggnadskurser och sedan Vedic Art-l\u00e4rarutbildning undervisar jag \u00e4ven i frig\u00f6rande m\u00e5leri enligt de 17 principerna.<\/p>\n<p style=\"text-align: left;\">I min vardag \u00e4r m\u00e5landet en viktig del. Staffli, sp\u00e5nplatta, penslar, duk och f\u00e4rger finns alltid l\u00e4ttillg\u00e4ngliga hemma. M\u00e5lningarna\u00a0\u00e4r som en dagbok f\u00f6r mig. De speglar mitt liv, mitt s\u00f6kande efter mina r\u00f6tter, en brokig europeisk familjehistoria, och de p\u00e5minner mig om mitt fokus. Jag m\u00e5lar s\u00e5 ofta jag kan, i sovrummet intill s\u00e4ngen i perioder n\u00e4stintill dagligen.<\/p>\n<p>En annan viktig del i mitt liv \u00e4r yogan. Den kom in p\u00e5 allvar i mitt liv i och med att jag tr\u00e4ffade Jockson. Sedan 2013 yogar vi flera g\u00e5nger i veckan oavsett om det \u00e4r inomhus eller utomhus. Sedan jag gick en Yin-Yoga l\u00e4rarutbildning s\u00e5 ger jag klasser \u00e4ven i Yin-Yoga. Oftast ges dessa i kombination med Konst &amp; Yoga helger.\u00a0<\/p>\n<p style=\"text-align: left;\"><em>Pamela Luxenburg<\/em><\/p>\n\n\n<p><\/p>\n\n\n\n<p><\/p>\n\n<!-- Facebook Like Button Vivacity Infotech BEGIN -->\n<div class=\"fb-like\" data-href=\"https:\/\/luxenburg.nu\/?page_id=146\" data-layout=\"standard\" data-action=\"like\" data-show-faces=\"false\" data-size=\"small\" data-width=\"450\" data-share=\"\" ><\/div>\n<!-- Facebook Like Button Vivacity Infotech END -->\n","protected":false},"excerpt":{"rendered":"<p>Namn: Pamela Luxenburg Yrke: Textilingenj\u00f6r, Konstn\u00e4r, Vedic Art- och Yin Yoga l\u00e4rare \u00c5lder: 54 Familj: Sambon Jockson, dottern Ari 26, sonen Valle 22 fr\u00e5n tidigare\u00a0\u00e4ktenskap\u00a0och bonusdottern Mika 25.\u00a0 Bor: S\u00f6dermalm i Stockholm Jag f\u00f6ddes i Stockholm av polska f\u00f6r\u00e4ldrar och v\u00e4xte upp p\u00e5 \u00d6stermalm och i Kista. Sedan jag kan minnas har jag tecknat, m\u00e5lat&hellip;<\/p>\n","protected":false},"author":1,"featured_media":0,"parent":0,"menu_order":0,"comment_status":"closed","ping_status":"closed","template":"","meta":{"jetpack_post_was_ever_published":false,"footnotes":""},"class_list":["post-146","page","type-page","status-publish","hentry"],"jetpack_sharing_enabled":false,"jetpack_shortlink":"https:\/\/wp.me\/P4piv1-2m","_links":{"self":[{"href":"https:\/\/luxenburg.nu\/index.php?rest_route=\/wp\/v2\/pages\/146","targetHints":{"allow":["GET"]}}],"collection":[{"href":"https:\/\/luxenburg.nu\/index.php?rest_route=\/wp\/v2\/pages"}],"about":[{"href":"https:\/\/luxenburg.nu\/index.php?rest_route=\/wp\/v2\/types\/page"}],"author":[{"embeddable":true,"href":"https:\/\/luxenburg.nu\/index.php?rest_route=\/wp\/v2\/users\/1"}],"replies":[{"embeddable":true,"href":"https:\/\/luxenburg.nu\/index.php?rest_route=%2Fwp%2Fv2%2Fcomments&post=146"}],"version-history":[{"count":163,"href":"https:\/\/luxenburg.nu\/index.php?rest_route=\/wp\/v2\/pages\/146\/revisions"}],"predecessor-version":[{"id":2592,"href":"https:\/\/luxenburg.nu\/index.php?rest_route=\/wp\/v2\/pages\/146\/revisions\/2592"}],"wp:attachment":[{"href":"https:\/\/luxenburg.nu\/index.php?rest_route=%2Fwp%2Fv2%2Fmedia&parent=146"}],"curies":[{"name":"wp","href":"https:\/\/api.w.org\/{rel}","templated":true}]}}